{"version":"1.0","provider_name":"N\u0151 Feles\u00e9g Anya Blog","provider_url":"https:\/\/nofeleseganya.cafeblog.hu","author_name":"N\u0151 Feles\u00e9g Anya Blog","author_url":"https:\/\/nofeleseganya.cafeblog.hu\/author\/no_feleseg_anya\/","title":"Hell\u00f3 Vil\u00e1g!","html":"Hell\u00f3 Vil\u00e1g! A mai napon N\u0151 Feles\u00e9g Anya n\u00e9v alatt (egy)szem\u00e9lyes blogot ind\u00edtottam a Cafeblogon. A blogot magyar nyelven tervezem \u00edrni. Ez a blog az \u00e9n saj\u00e1t bejegyz\u00e9seimet tartalmazza, melyek a saj\u00e1t szellemi term\u00e9keim. Ezek m\u00e1sol\u00e1sa, terjeszt\u00e9se csak az \u00e9n enged\u00e9lyemmel lehets\u00e9ges. Minden Kedves Olvas\u00f3mnak j\u00f3 olvas\u00e1st k\u00edv\u00e1nok!\r\n\r\nHa k\u00f6vetn\u00e9l, csatlakozz a N\u0151 Feles\u00e9g Anya Blog facebook-oldal\u00e1hoz <a href=\"http:\/\/www.facebook.com\/nofeleseganyablog\" target=\"_blank\"><strong>ITT<\/strong><\/a>.\r\n\r\nD\u0151lj h\u00e1tra, \u00e9s indulhat az utaz\u00e1s!\r\n\r\n<a href=\"https:\/\/nofeleseganya.cafeblog.hu\/files\/2014\/05\/\u00faj_\u00e9let.png\"><img src=\"https:\/\/nofeleseganya.cafeblog.hu\/files\/2014\/05\/\u00faj_\u00e9let.png\" alt=\"\u00faj_\u00e9let\" width=\"285\" height=\"177\" class=\"alignnone size-full wp-image-1356\" \/><\/a>\r\nA k\u00e9p forr\u00e1sa: nlcafe.hu\r\n\r\n","type":"rich"}