{"version":"1.0","provider_name":"N\u0151 Feles\u00e9g Anya Blog","provider_url":"https:\/\/nofeleseganya.cafeblog.hu","author_name":"N\u0151 Feles\u00e9g Anya Blog","author_url":"https:\/\/nofeleseganya.cafeblog.hu\/author\/no_feleseg_anya\/","title":"Bab\u00e1val...","html":"Hol volt, hol nem volt, volt egyszer egy kir\u00e1lyl\u00e1ny, aki ahogy felcseperedett, elv\u00e9gezte iskol\u00e1it, majd munk\u00e1ba \u00e1llt. \u00c9lt-\u00e9ldeg\u00e9lt boldogan, dolgozgatott, szabadidej\u00e9t pedig a csal\u00e1dj\u00e1val, bar\u00e1taival t\u00f6lt\u00f6tte. Azt\u00e1n egyszer csak, hogy-hogynem, megismerkedett egy kir\u00e1lyfival. Egym\u00e1sba szerettek, \u00f6sszeh\u00e1zasodtak. Nagyon boldolgok voltak. A kir\u00e1lyl\u00e1ny nemsok\u00e1ra \u00e1ldott \u00e1llapotba ker\u00fclt. Ekkor m\u00e9g boldogabbak lettek. A legboldogabbak azonban akkor lettek, amikor megsz\u00fcletett a gyermek\u00fck.\r\n\r\n&nbsp;\r\n\r\nA val\u00f3s\u00e1gban azonban nem minden olyan, mint a mes\u00e9ben.\r\n\r\n&nbsp;\r\n\r\nBiztos vagyok benne, hogy amikor bab\u00e1ra \u00e1h\u00edtozt\u00e1l, senki nem mondta neked, hogy\r\n\r\n- lehet, hogy bab\u00e1val a pocakodban m\u00e1r nem leszel olvan fitt, mint volt\u00e1l, s\u0151t, kezd\u0151dnek az \u00e9rzelmi viharok a hormonok miatt, melyek a szoptat\u00e1s v\u00e9g\u00e9ig is tarthatnak, \u00e9s lehetnek ak\u00e1r fizikai t\u00fcneteid is, s\u0151t, k\u00f3rh\u00e1z is lehet a v\u00e9ge;\r\n\r\n- ha megsz\u00fcletik a bab\u00e1d, att\u00f3l kezdve egy magatehetetlen kis emberk\u00e9t kell szolg\u00e1lnod szellemileg \u00e9s fizikailag is, napi 24 \u00f3r\u00e1ban, \u00fagy, hogy nincs szabi \u00e9s h\u00e9tv\u00e9ge sincs;\r\n\r\n- ha nem vigy\u00e1zol \u00e9s elhanyagolod a f\u00e9rjedet, vagy ha \u0151 f\u00e9lt\u00e9kenny\u00e9 v\u00e1lik a bab\u00e1ra, akkor gond lehet a kapcsolatotokkal;\r\n\r\n- a bar\u00e1ti k\u00f6r\u00f6t\u00f6k meg fog v\u00e1ltozni, de ez val\u00f3j\u00e1ban nem fontos, mert \u00fagysem lesz id\u0151d \u00e9s energi\u00e1d tal\u00e1lkozni vel\u00fck vagy megh\u00edvni;\r\n\r\n- a csal\u00e1dod, ha egy\u00e1ltal\u00e1n seg\u00edt, akkor\u00a0ez esetleg teherr\u00e9 is v\u00e1lhat \u00e9s ak\u00e1r \u00f6sszet\u0171z\u00e9s is lehet abb\u00f3l, hogy mindenkib\u0151l csak d\u0151lnek a j\u00f3tan\u00e1csok arra vonatkoz\u00f3lag hogy mit hogy csin\u00e1lj a bab\u00e1val;\r\n\r\n- val\u00f3j\u00e1ban\u00a0mivel a gyerekednek te vagy az anyja, \u00edgy\u00a0csak te tudhatod mi a legjobb neki \u00e9s ezt mindenkivel meg kell \u00e9rtetned;\r\n\r\n- B\u00c1RMI t\u00f6rt\u00e9nj\u00e9k is, b\u00e1rmilyen f\u00e1radt vagy, b\u00e1rmilyen d\u00fch\u00f6s, elkeseredett, ny\u00fazott, stb. minden gondodat elfelejted, ha a pici r\u00e1d mosolyog!!!\r\n\r\n&nbsp;\r\n\r\nSzerencs\u00e9re az anyas\u00e1gnak vannak j\u00f3 oldalai is, b\u00e1r biztos vagyok benne, hogy nem mondta senki azt sem, hogy\r\n\r\n- a gyermeked val\u00f3di csoda, ahogy eleinte a pocakodban n\u0151, majd hosszas v\u00e1rakoz\u00e1s ut\u00e1n v\u00e9gre kib\u00fajik \u00e9s a szemed el\u0151tt cseperedik fel;\r\n\r\n- hogy te vagy az els\u0151, aki l\u00e1tod enni, inni, aludni, \u00fclni, j\u00e1rni... \u00e9s m\u00e9g sorolhatn\u00e1m;\r\n\r\n- hogy sok\u00e1ig te leszel a legfontosabb ember az \u00e9let\u00e9ben \u00e9s nagyon fog szeretni t\u00e9ged \u00e9s egy id\u0151 ut\u00e1n m\u00e1r ki is tudja mutatni (minimum egy mosollyal);\r\n\r\n- hogy b\u00e1r eleinte furcsa lesz a munk\u00e1ba j\u00e1r\u00e1s ut\u00e1n a bab\u00e1s \u00e9letm\u00f3d, de id\u0151vel bele fogsz szokni \u00e9s m\u00e9g \u00e9lvezni is tudni fogod.\r\n\r\nMindenkinek j\u00f3 bab\u00e1z\u00e1st k\u00edv\u00e1nok!\r\n\r\nHa tetszett a poszt, l\u00e1jkold, oszd meg \u00e9s csatlakozz a N\u0151 Feles\u00e9g Anya Blog facebook-oldal\u00e1hoz <a href=\"http:\/\/www.facebook.com\/nofeleseganyablog\" target=\"_blank\"><strong>ITT<\/strong><\/a>.\r\n\r\n<a href=\"https:\/\/nofeleseganya.cafeblog.hu\/files\/2014\/03\/tudatos_anya.jpg\"><img src=\"https:\/\/nofeleseganya.cafeblog.hu\/files\/2014\/03\/tudatos_anya.jpg\" alt=\"tudatos_anya\" width=\"190\" height=\"265\" class=\"alignnone size-full wp-image-896\" \/><\/a>\r\nA k\u00e9p forr\u00e1sa: nlcafe.hu","type":"rich"}