{"version":"1.0","provider_name":"N\u0151 Feles\u00e9g Anya Blog","provider_url":"https:\/\/nofeleseganya.cafeblog.hu","author_name":"N\u0151 Feles\u00e9g Anya Blog","author_url":"https:\/\/nofeleseganya.cafeblog.hu\/author\/no_feleseg_anya\/","title":"Cukkinikr\u00e9mleves","html":"Nagyon szeretem a leveseket \u00e9s a csal\u00e1dom is, \u00edgy mi minden nap esz\u00fcnk levest. Szeretek nem mindennapi leveseket is f\u0151zni. Ez az itt k\u00f6vetkez\u0151 szerintem ilyen. Viszont amilyen furcs\u00e1n hangzik, legal\u00e1bb olyan finom is!\r\n\r\nA cukkinikr\u00e9mleveshez az \u00f6tletet a <a href=\"http:\/\/www.vacsinalam.cafeblog.hu\" target=\"_blank\"><strong>Vacsi n\u00e1lam? blogon<\/strong><\/a> tal\u00e1ltam, n\u00e9zel\u0151d\u00e9s k\u00f6zben, <a href=\"https:\/\/vacsinalam.cafeblog.hu\/2014\/05\/05\/porc-os-cukkinikramleves\/\" target=\"_blank\"><strong>ITT<\/strong><\/a>. Volt itthon vagy 6-7 darab cukkini, melyekb\u0151l eleinte babaf\u0151zel\u00e9k, majd <a href=\"https:\/\/nofeleseganya.cafeblog.hu\/2014\/05\/14\/egy-kulonleges-koretet\/\" target=\"_blank\"><strong>k\u00fcl\u00f6nleges k\u00f6ret<\/strong><\/a> k\u00e9sz\u00fclt, de nem lehet mindig ugyanazt f\u0151zni, \u00edgy azt\u00e1n nagyon meg\u00f6r\u00fcltem, amikor megl\u00e1ttam a posztot.\r\n\r\nA levest v\u00e9g\u00fcl nem \u00fagy k\u00e9sz\u00edtettem el, ahogy a Vacsi n\u00e1lam? blogon szerepel, de \u00edgy is nagyon finom lett.\r\n\r\n1.\u00a0Nem egy darab, hanem 6-7 darab cukkinit haszn\u00e1ltam hozz\u00e1.\r\n\r\n2. Nem vajon, hanem olajon pir\u00edtottam meg a z\u00f6lds\u00e9geket.\r\n\r\n3. Nem tettem bele tejet \u00e9s tejsz\u00ednt, mert bab\u00e1nk m\u00e9g nem eheti ezeket.\r\n\r\n4. Toj\u00e1s s\u00e1rg\u00e1j\u00e1t sem tettem.\r\n\r\n5.\u00a0Nem h\u00faslevessel \u00f6nt\u00f6ttem fel, hanem v\u00edzzel, az\u00e9rt, mert mindig \u00edgy szoktam. Meg nincs is k\u00e9zn\u00e9l mindig egy adag h\u00fasleves, amikor \u00e9pp levest f\u0151zn\u00e9k.\r\n\r\n6. Nem tettem bele m\u00e9g\u00a0kem\u00e9ny\u00edt\u0151t, libamellet \u00e9s borsot sem.\r\n\r\n7. Nem k\u00e9sz\u00edtettem hozz\u00e1 h\u00e1zilag keny\u00e9rkock\u00e1t, hanem boltban kaphat\u00f3 levesgy\u00f6ngy\u00f6t tettem a levesekbe, de persze csak k\u00f6zvetlen\u00fcl fogyaszt\u00e1s el\u0151tt. :-)\r\n\r\nSz\u00f3val csak az \u00f6tletet vettem a Vacsi n\u00e1lam? blogr\u00f3l, de mondhatom, nagyon meg\u00f6r\u00fcltem, amikor megl\u00e1ttam a posztot, mert eddig nem tudtam, hogy l\u00e9tezik ilyen \u00e9tel, de v\u00e9gre fel tudtam haszn\u00e1lni a h\u0171t\u0151ben l\u00e9v\u0151 cukkinik\u00e9szletet, m\u00e9gpedig nem is ak\u00e1rmilyen, hanem minden csal\u00e1dtagnak tetsz\u0151 m\u00f3don. Ez pedig \u00f6t ember eset\u00e9n - valljuk be - nagyon nagy eredm\u00e9ny!\r\n\r\nTeh\u00e1t \u00edgy k\u00e9sz\u00edtettem el a cukkinikr\u00e9mlevest.\r\n\r\nHozz\u00e1val\u00f3k:\r\n\r\n6-7 db cukkini,\r\n\r\nkev\u00e9s olaj,\r\n\r\n1-2 ev\u0151kan\u00e1l liszt,\r\n\r\nv\u00edz,\r\n\r\ns\u00f3, bazsalikom,\r\n\r\n3-4 ev\u0151kan\u00e1l tejf\u00f6l.\r\n\r\nA cukkiniket megmostam, majd megpucoltam. Egy ed\u00e9nybe kev\u00e9s olajat \u00f6nt\u00f6ttem, beleszeleteltem a cukkiniket \u00e9s fed\u0151 alatt puh\u00e1ra p\u00e1roltam. Amikor megpuhultak, megsz\u00f3rtam \u0151ket liszttel, \u00f6sszekevertem, fel\u00f6nt\u00f6ttem v\u00edzzel, megs\u00f3ztam, \u00e9s beletettem a levesbe a bazsalikomot is. Mivel kr\u00e9mlevest k\u00e9sz\u00edtettem, \u00edgy nem tettem t\u00fal sok vizet, csak hogy b\u0151ven ellepje. F\u0151ztem-f\u0151ztem, am\u00edg fel nem forrt, ekkor belekanalaztam a tejf\u00f6lt, m\u00e9g picit f\u0151ztem \u00e9s \u00f6sszeturmixoltam. K\u00e9sz is lett.\r\n\r\n<a href=\"https:\/\/nofeleseganya.cafeblog.hu\/files\/2014\/06\/cukkinikr\u00e9mleves2.jpg\"><img class=\"alignnone wp-image-1450 size-medium\" src=\"https:\/\/nofeleseganya.cafeblog.hu\/files\/2014\/06\/cukkinikr\u00e9mleves2-300x168.jpg\" alt=\"cukkinikr\u00e9mleves2\" width=\"300\" height=\"168\" \/><\/a>\r\n\r\nBab\u00e1nk m\u00e1r nagyon r\u00e9g\u00f3ta szereti a cukkinit, minden form\u00e1ban. A k\u00e9t nagyobb gyermekem, b\u00e1r megk\u00f3stolt\u00e1k m\u00e1r t\u00f6bbsz\u00f6r a cukkinis \u00e9telt, de eddig nem ett\u00e9k meg. Ebb\u0151l a levesb\u0151l sem akartak enni, amikor meghallott\u00e1k, hogy cukkinib\u0151l van, de azt\u00e1n gy\u0151z\u00f6tt a k\u00edv\u00e1ncsis\u00e1g. \u0150k egy\u00e9bk\u00e9nt nagyon szeretik a kr\u00e9mleveseket, m\u00e9gpedig a levesgy\u00f6ngy miatt. M\u00e1r m\u00e1s anyuk\u00e1kt\u00f3l is hallottam, hogy b\u00e1rmit meg lehet etetni a gyerekkel, ha van benne levesgy\u00f6ngy. Nos, ezt \u00e9n is meg tudom er\u0151s\u00edteni. A cukkinikr\u00e9mleves mind egy sz\u00e1lig elfogyott mindenki t\u00e1ny\u00e9rj\u00e1r\u00f3l. A v\u00e9g\u00e9n mondtam nekik: \"most m\u00e1r nem mondhatj\u00e1tok, hogy nem szeretitek a cukkinit!\" \u0150k persze csak nevettek.\r\n\r\n<a href=\"https:\/\/nofeleseganya.cafeblog.hu\/files\/2014\/06\/cukkinikr\u00e9mleves.jpg\"><img class=\"alignnone size-medium wp-image-1445\" src=\"https:\/\/nofeleseganya.cafeblog.hu\/files\/2014\/06\/cukkinikr\u00e9mleves-300x168.jpg\" alt=\"cukkinikr\u00e9mleves\" width=\"300\" height=\"168\" \/><\/a>\r\n\r\nSaj\u00e1t fot\u00f3 - N\u0151 Feles\u00e9g Anya Blog\r\n\r\nHa m\u00e9g nem k\u00e9sz\u00edtett\u00e9l cukkinikr\u00e9mlevest, \u00e9rdemes kipr\u00f3b\u00e1lnod!\r\n\r\nHa tetszett, l\u00e1jkold \u00e9s oszd meg ezt a posztot, \u00e9s csatlakozz a facebook-oldalamhoz <a href=\"http:\/\/www.facebook.com\/nofeleseganyablog\" target=\"_blank\"><strong>ITT<\/strong><\/a> a napi posztok\u00e9rt \u00e9s sz\u00f6sszenetek\u00e9rt!\r\n\r\n&nbsp;","type":"rich"}