{"version":"1.0","provider_name":"N\u0151 Feles\u00e9g Anya Blog","provider_url":"https:\/\/nofeleseganya.cafeblog.hu","author_name":"N\u0151 Feles\u00e9g Anya Blog","author_url":"https:\/\/nofeleseganya.cafeblog.hu\/author\/no_feleseg_anya\/","title":"\u00d3vod\u00e1ba ny\u00e1ron? (1. r\u00e9sz)","html":"Ahogy a m\u00falt h\u00e9ten \u00edg\u00e9rtem, az antibotikumos napi sz\u00f6sszenet t\u00f6rt\u00e9net\u00e9t hozom nektek. Csal\u00e1di \"szappanopera\", els\u0151 r\u00e9sz.\r\n\r\nAzt hiszem, minden azzal kezd\u0151d\u00f6tt, hogy v\u00e9ge lett az iskol\u00e1nak, \u00e9s ezzel az \u00f3vod\u00e1ban is megkezd\u0151d\u00f6tt az \u00fcgyeleti id\u0151szak. B\u00e1r kor\u00e1bban \u00e9rdekl\u0151dtem az egyik \u00f3v\u00f3n\u0151nkn\u00e9l arr\u00f3l, hogy mi v\u00e1rhat\u00f3, csak annyi volt a v\u00e1lasz, hogy kev\u00e9s gyerek lesz ott, nagyj\u00e1b\u00f3l egy csoportnyi. Enn\u00e9l sokkal t\u00f6bb volt, ami t\u00f6rt\u00e9nt, de mivel engem sem k\u00e9sz\u00edtett fel senki, \u00e9n sem tudtam felk\u00e9sz\u00edteni a gyermekeimet.\r\n\r\nAz \u00fcgyelet els\u0151 napj\u00e1n m\u00e9g otthon tartottam \u0151ket, mert szombat d\u00e9lut\u00e1n kisfiam h\u00e1nyt, \u00e9s h\u00e9tf\u0151n m\u00e9g nem \u00e9reztem el\u00e9g er\u0151snek a gyomr\u00e1t a menza-eb\u00e9dhez, \u00edgy mi csak kedden kapcsol\u00f3dtunk be el\u0151sz\u00f6r az \u00fcgyeleti rendbe. Mit sem sejtve indultak \u00fatnak a gyerekek ap\u00e1val kedd reggel az \u00f3vod\u00e1ba, \u00fagy, ahogy a t\u00f6bbi napon is szoktak. Egy j\u00f3 f\u00e9l-h\u00e1romnegyed \u00f3ra eltelt\u00e9vel j\u00f6tt ap\u00e1t\u00f3l egy igen meglep\u0151 \u00e9s \u00e9rdekes telefon.\r\n\r\nAzt mondta, hogy\r\n\r\n1.\u00a0a gyerekeknek fogniuk kellett az ovis zs\u00e1kjukat, \u00e9s le kellett k\u00f6lt\u00f6zni\u00fck egy m\u00e1sik csoport \u00f6lt\u00f6z\u0151j\u00e9be;\r\n\r\n2.\u00a0a reggeli a harmadik csoport term\u00e9ben volt (milyen szerencse, hogy a mi ovi-\u00e9p\u00fclet\u00fcnkben csak h\u00e1rom csoport m\u0171k\u00f6dik);\r\n\r\n3. amikor a teremhez \u00e9rt, sok gyereket l\u00e1tott odabent, de senki nem volt ismer\u0151s;\r\n\r\n4. volt ott n\u00e9h\u00e1ny feln\u0151tt is, de a mi \u00f3v\u00f3n\u00e9nijeink k\u00f6z\u00fcl senki;\r\n\r\n5. sok gyerek s\u00edrt \u00e9s volt n\u00e9h\u00e1ny \u00f6lben;\r\n\r\n6. odament hozz\u00e1 valaki, \u00e9s azt mondta, hogy \u00fcgyeletbe menni, az olyan, mintha \u00fajb\u00f3l kezd\u0151dne a beszoktat\u00e1s, mert \u00faj gyermekekkel, \u00fagy k\u00f6rnyezetben vannak\u00a0a kicsik;\r\n\r\n7. a mi gyermekeink is s\u00edrtak, nem akartak ottmaradni, fogt\u00e1k apa l\u00e1b\u00e1t \u00e9s \u00fagy k\u00e9rlelt\u00e9k, hogy ne hagyja ott \u0151ket;\r\n\r\n8. ap\u00e1nak a sz\u00edve szakadt meg;\r\n\r\n9. lehet, hogy nem tudjuk vinni \u0151ket ny\u00e1ron \u00f3vod\u00e1ba, mert az eg\u00e9sz sz\u00f6rny\u0171 volt;\r\n\r\n10. \u00e9n mi\u00e9rt nem k\u00e9sz\u00edtettem fel \u0151t (ap\u00e1t) \u00e9s a gyermekeinket, hogy mi fog v\u00e1rni r\u00e1juk, mert tal\u00e1n akkor jobban siker\u00fclt volna az els\u0151 \u00fcgyeletes nap is.\r\n\r\nMondanom sem kell, hideg zuhanyk\u00e9nt \u00e9rt a telefon. Azt\u00e1n \u00fagy d\u00f6nt\u00f6ttem, felh\u00edvom k\u00e9t csoportt\u00e1rs anyuk\u00e1j\u00e1t, akik k\u00f6z\u00fcl mindketten meger\u0151s\u00edtett\u00e9k az \u00e1ldatlan \u00e1llapotot. Egyik\u00fck azt mondta, hogy az \u0151 kisfia h\u00e9tf\u0151n eg\u00e9sz nap a sarokban \u00e1llt pityeregve \u00e9s a p\u00f3l\u00f3j\u00e1t gy\u0171r\u00f6getve, \u00e9s m\u00e9g a saj\u00e1t \u00f3v\u00f3n\u00e9nije sem tudta r\u00e1besz\u00e9lni arra, hogy j\u00f6jj\u00f6n j\u00e1tszani - \u0151 sokk\u00e9nt \u00e9lte meg az \u00fcgyeletet. Mondanom sem kell, m\u00e1snap m\u00e1r nem vitt\u00e9k. A m\u00e1sik anyuka csak annyit mondott, hogy \u0151k k\u00e9nytelenek vinni a gyermeket, mert nincs kire b\u00edzniuk. Ez a kisfi\u00fa annyi el\u0151nnyel rendelkezik, hogy m\u00e1r m\u00e1skor is volt \u00fcgyeletben, az \u0151szi, t\u00e9li \u00e9s a tavaszi sz\u00fcnetekben.\u00a0Az \u00f3voda ugyanis minden iskolasz\u00fcnetben \u00fcgyeleti renddel m\u0171k\u00f6dik.\r\n\r\nAmikor d\u00e9lut\u00e1n mentem a gyerekek\u00e9rt, nem l\u00e1tszott rajtuk semmi. Kisfiam a bar\u00e1tj\u00e1val j\u00e1tszott, micsoda szerencse, hogy \u0151 pont ak\u00f6z\u00f6tt a hat-h\u00e9t gyermek k\u00f6z\u00f6tt van, aki ott volt a mi csoportunkb\u00f3l, ami egy\u00e9bk\u00e9nt 25 f\u0151s. Kisl\u00e1nyom, mint k\u00e9s\u0151bb kider\u00fclt, ha tudott, a fi\u00fakhoz csatlakozott,\u00a0ha nem, akkor pedig egyed\u00fcl pr\u00f3b\u00e1lt boldogulni. Hogy meddig tartott sz\u00e1munkra az \u00fcgyelet \u00e9s ut\u00e1na mivel folytat\u00f3dott a csal\u00e1di \"szappanopera\", arra nemsok\u00e1ra f\u00e9ny der\u00fcl. Holnap folytatjuk!\r\n\r\nA ti gyermeketek j\u00e1r \u00f3vod\u00e1ba ny\u00e1ron?\r\n\r\nHa tetszett a poszt, csatlakozz a N\u0151 Feles\u00e9g Anya Blog Facebook-oldal\u00e1hoz <a href=\"http:\/\/www.facebook.com\/nofeleseganyablog\" target=\"_blank\"><strong>ITT<\/strong><\/a>.\r\n\r\nVegy\u00e9l r\u00e9szt a blog nagy ny\u00e1ri fot\u00f3verseny\u00e9n! R\u00e9szletek <a href=\"https:\/\/nofeleseganya.cafeblog.hu\/2014\/06\/15\/nyari-jatek-fotoverseny\/\" target=\"_blank\"><strong>ITT<\/strong><\/a>.\r\n\r\nA h\u00e9ten egyedi k\u00e9sz\u00edt\u00e9s\u0171 Kal\u00e1nka kiskanalat is nyerhetsz! Kattints <a href=\"https:\/\/nofeleseganya.cafeblog.hu\/2014\/07\/14\/jatek-2\/\" target=\"_blank\"><strong>IDE<\/strong><\/a>.\r\n\r\n<a href=\"https:\/\/nofeleseganya.cafeblog.hu\/files\/2014\/07\/\u00f3voda_ny\u00e1ron.png\"><img class=\"alignnone size-full wp-image-1773\" src=\"https:\/\/nofeleseganya.cafeblog.hu\/files\/2014\/07\/\u00f3voda_ny\u00e1ron.png\" alt=\"\u00f3voda_ny\u00e1ron\" width=\"275\" height=\"183\" \/><\/a>\r\n\r\nA k\u00e9p forr\u00e1sa: nlcafe.hu","type":"rich"}