{"version":"1.0","provider_name":"N\u0151 Feles\u00e9g Anya Blog","provider_url":"https:\/\/nofeleseganya.cafeblog.hu","author_name":"N\u0151 Feles\u00e9g Anya Blog","author_url":"https:\/\/nofeleseganya.cafeblog.hu\/author\/no_feleseg_anya\/","title":"Stylist","html":"Nemr\u00e9giben fogorvosn\u00e1l voltam. Hat\u00e1ssz\u00fcnet. (Miel\u0151tt m\u00e9g valaki \u00f6sszerezzenne: NEM f\u00e1jt! :-) )\r\n\r\nH\u00c9V-vel \u00e9s metr\u00f3val utaztam odafel\u00e9 \u00e9s visszafel\u00e9, a gyermekeimre addig \u00e9desany\u00e1m vigy\u00e1zott. Eme \"kir\u00e1ndul\u00e1som\" alkalm\u00e1b\u00f3l \u00e9rdekesebbn\u00e9l \u00e9rdekesebb felfedez\u00e9seket tettem, melyeket megosztan\u00e9k veletek.\r\n\r\nAz ember l\u00e1ny\u00e1nak, akinek h\u00e1rom gyermeke van, \u00e9s a mindennapokban nem jut tov\u00e1bb az \u00f3vod\u00e1n\u00e1l meg a j\u00e1tsz\u00f3t\u00e9rn\u00e9l, sz\u00f3val egy ilyen anyuk\u00e1nak m\u00e9g a fogorvoshoz men\u00e9s is j\u00f3 program.\u00a0K\u00fcl\u00f6n\u00f6sen az\u00e9rt, mert ilyen alkalmakkor gy\u00f6ny\u00f6rk\u00f6dhet az emberi nem csod\u00e1s, egy\u00e9b programokon nem l\u00e1that\u00f3 egyedeiben. Mi, k\u00e9rem, j\u00f3 k\u00f6rny\u00e9ken lakunk, az \u00f3vod\u00e1ban egy anyuka sem hord cicanadar\u00e1got,\u00a0\u00e1tl\u00e1tsz\u00f3 fels\u0151t \u00e9s p\u00f3l\u00f3ruh\u00e1t sem. Ellenben a metr\u00f3n modernebb emberek utaznak, \u00e9s ez a sz\u00ednes kavalk\u00e1d val\u00f3di aranyb\u00e1nya egy otthon \u00fcl\u0151 anyuka sz\u00e1m\u00e1ra, aki ilyen alkalmakkor k\u00edv\u00e1n t\u00e1j\u00e9koz\u00f3dni az aktu\u00e1lis divattrendekr\u0151l. Mint egy val\u00f3di stylist, \u00fagy n\u00e9zi meg mag\u00e1nak a k\u00fcl\u00f6n\u00f6sebbn\u00e9l k\u00fcl\u00f6n\u00f6sebb \u00f6lt\u00f6z\u00e9keket, \u00e9s pr\u00f3b\u00e1lja elk\u00e9pzelni mag\u00e1t benn\u00fck - \u00e1ltal\u00e1ban sikertelen\u00fcl. Id\u0151nk\u00e9nt v\u00e9gign\u00e9z a saj\u00e1t szettj\u00e9n, \u00e9s b\u00e1r (az otthoni \u00f6lt\u00f6z\u00e9k\u00e9hez k\u00e9pest) eg\u00e9sz csinosnak v\u00e9li, ellenben (a k\u00f6r\u00fcl\u00f6tte utaz\u00f3k\u00e9hoz k\u00e9pest) kiss\u00e9 r\u00e9gim\u00f3dinak tal\u00e1lja. \u00cdgy azt\u00e1n, kicsit szomork\u00e1san b\u00e1r, de minden\u00a0ilyen alkalommal eld\u00f6nti, hogy n\u00e9mik\u00e9pp elj\u00e1rt felette az id\u0151, \u00e9s h\u00e1rom gyermek anyuk\u00e1jak\u00e9nt bizony nem fogja k\u00f6vetni az \u00fajabbn\u00e1l \u00fajabb divattrendeket. Megmarad teh\u00e1t az addigi \u00edzl\u00e9s\u00e9n\u00e9l, m\u00e9g ha r\u00e9gim\u00f3dinak is t\u0171nik. A ruhat\u00e1r\u00e1t azonban id\u0151nk\u00e9nt fel kell friss\u00edtenie, \u00edgy azt\u00e1n az otthon\u00e1hoz legk\u00f6zelebb es\u0151 kis butikban v\u00e1s\u00e1rol n\u00e9h\u00e1ny\u00a0olyan ruhadarabot, ami divatos is \u00e9s m\u00e9g neki is tetszik.\u00a0Term\u00e9szetesen kiz\u00e1r\u00f3lag az\u00e9rt, mert m\u00e1st nem lehet kapni.\r\n\r\nN\u00e9zz\u00fck azt a felhozatalt, ami kiss\u00e9 sok(k) volt:\r\n\r\n1. Masnis szand\u00e1l nagy masnival;\r\n\r\n<a href=\"https:\/\/nofeleseganya.cafeblog.hu\/files\/2014\/08\/masnis_szand\u00e1l_vatera.jpg\"><img class=\"alignnone size-full wp-image-2074\" src=\"https:\/\/nofeleseganya.cafeblog.hu\/files\/2014\/08\/masnis_szand\u00e1l_vatera.jpg\" alt=\"masnis_szand\u00e1l_vatera\" width=\"232\" height=\"217\" \/><\/a>\r\n\r\nEnn\u00e9l biztos nagyobb masni volt \u00e9s valami rik\u00edt\u00f3 sz\u00edn, de nem tal\u00e1ltam olyan fot\u00f3t.\r\n\r\nA k\u00e9p forr\u00e1sa: vatera.hu\r\n\r\n2. P\u00f3l\u00f3 annyira leh\u00fazva el\u00f6l, hogy kil\u00e1tszik az eg\u00e9sz melltart\u00f3 (ehhez nem tal\u00e1ltam k\u00e9pet, de gondolom mindenki el tudja k\u00e9pzelni), \u00e9s a\u00a0p\u00f3l\u00f3b\u00f3l h\u00e1tul kil\u00e1tszik a melltart\u00f3;\r\n\r\n<a href=\"https:\/\/nofeleseganya.cafeblog.hu\/files\/2014\/08\/melltart\u00f3_kil\u00e1tszik_h\u00e1tul.jpg\"><img class=\"alignnone size-full wp-image-2075\" src=\"https:\/\/nofeleseganya.cafeblog.hu\/files\/2014\/08\/melltart\u00f3_kil\u00e1tszik_h\u00e1tul.jpg\" alt=\"melltart\u00f3_kil\u00e1tszik_h\u00e1tul\" width=\"190\" height=\"265\" \/><\/a>\r\n\r\nA k\u00e9p forr\u00e1sa: nlcafe.hu\r\n\r\n3. Valami, ami olyan r\u00f6vid, hogy csak na;\r\n\r\n<a href=\"https:\/\/nofeleseganya.cafeblog.hu\/files\/2014\/08\/mini.jpg\"><img class=\"alignnone size-full wp-image-2077\" src=\"https:\/\/nofeleseganya.cafeblog.hu\/files\/2014\/08\/mini.jpg\" alt=\"mini\" width=\"104\" height=\"150\" \/><\/a>\r\n\r\nLegal\u00e1bb ilyen, vagy m\u00e9g enn\u00e9l is ilyenebb;\r\n\r\n4. A cicanadr\u00e1g, term\u00e9szetesen, m\u00e9gpedig nem csak, hogy\u00a0sokan m\u00e9g mindig nadr\u00e1gk\u00e9nt hordj\u00e1k, ami nem igaz\u00e1n eszt\u00e9tikus, \u00edgy ny\u00e1ron m\u00e9g az izzads\u00e1gfoltos leggings is divatba j\u00f6tt (persze fot\u00f3t err\u0151l sem tal\u00e1ltam, de tal\u00e1n nem is baj);\r\n\r\n<a href=\"https:\/\/nofeleseganya.cafeblog.hu\/files\/2014\/08\/cicanadr\u00e1g.jpg\"><img class=\"alignnone size-full wp-image-2078\" src=\"https:\/\/nofeleseganya.cafeblog.hu\/files\/2014\/08\/cicanadr\u00e1g.jpg\" alt=\"cicanadr\u00e1g\" width=\"432\" height=\"117\" \/><\/a>\r\n\r\nA k\u00e9p forr\u00e1sa: nlcafe.hu\r\n\r\n5. Csinos ny\u00e1ri ruha alatt t\u00e9rdig \u00e9r\u0151 farmernadr\u00e1g\r\n\r\n<a href=\"https:\/\/nofeleseganya.cafeblog.hu\/files\/2014\/08\/farmer_r\u00f6vidnadr\u00e1g_vatera.jpg\"><img class=\"alignnone size-full wp-image-2076\" src=\"https:\/\/nofeleseganya.cafeblog.hu\/files\/2014\/08\/farmer_r\u00f6vidnadr\u00e1g_vatera.jpg\" alt=\"farmer_r\u00f6vidnadr\u00e1g_vatera\" width=\"259\" height=\"194\" \/><\/a>\r\n\r\nIlyet k\u00e9pzelj el egy ny\u00e1ri ruha alatt!\r\n\r\nA k\u00e9p forr\u00e1sa: vatera.hu\r\n<div>\r\n<div>A kedvenceim egy\u00e9bk\u00e9nt a ruh\u00e1zatok mellett m\u00e9g mindig a s\u00edrva telefon\u00e1l\u00f3 emberek, de \u0151k r\u00e9gen is voltak, akkor, amikor m\u00e9g\u00a0nem voltam anyuka \u00e9s t\u00f6bbet t\u00f6megk\u00f6zlekedtem! (Az \u00faj \u0151r\u00fclet, a telefon-nyomogat\u00e1s term\u00e9szetesen nagyon d\u00edvik, de nem csak a metr\u00f3n, hanem b\u00e1rhol, m\u00e9g az \u00f3vod\u00e1ban, a j\u00e1tsz\u00f3t\u00e9ren, a j\u00e1tsz\u00f3h\u00e1zban \u00e9s az utc\u00e1n is!)<\/div>\r\n<div><\/div>\r\n<div>Te milyen sok(k)-\u00f6lt\u00f6z\u00e9ket l\u00e1tt\u00e1l mostan\u00e1ban?<\/div>\r\n<div><\/div>\r\n<div>Ha tetszett a poszt, l\u00e1jkold, oszd meg, \u00e9s csatlakozz a N\u0151 Feles\u00e9g Anya Blog Facebook-oldal\u00e1hoz <a href=\"http:\/\/www.facebook.com\/nofeleseganyablog\" target=\"_blank\"><strong>ITT<\/strong><\/a>.<\/div>\r\n<div>Ha nyerni szeretn\u00e9l, <a href=\"https:\/\/nofeleseganya.cafeblog.hu\/2014\/08\/03\/jatek-3\/\" title=\"J\u00c1T\u00c9K!\" target=\"_blank\"><strong>IDE<\/strong><\/a> vagy <a href=\"https:\/\/nofeleseganya.cafeblog.hu\/2014\/06\/15\/nyari-jatek-fotoverseny\/\" title=\"Ny\u00e1ri j\u00e1t\u00e9k \u2013 FOT\u00d3VERSENY\" target=\"_blank\"><strong>IDE<\/strong><\/a> kattints!<\/div>\r\n<\/div>","type":"rich"}